{"id":21732,"date":"2022-03-06T14:00:00","date_gmt":"2022-03-06T13:00:00","guid":{"rendered":"https:\/\/carnetpsy.fr\/?post_type=parution&#038;p=21732"},"modified":"2022-03-06T14:52:04","modified_gmt":"2022-03-06T13:52:04","slug":"grandir-en-cachant-ses-blessures","status":"publish","type":"parution","link":"http:\/\/cp.1642.studio\/gj118060-ovh\/parution\/grandir-en-cachant-ses-blessures\/","title":{"rendered":"Grandir en cachant ses blessures"},"content":{"rendered":"\n<h2 class=\"wp-block-heading\">Comment donner du sens \u00e0 la mort quand elle n\u2019est pas parl\u00e9e&nbsp;? Fruit d\u2019une longue \u00e9laboration, l\u2019auteur nous livre un essai poignant sur le silence&nbsp;du deuil <\/h2>\n\n\n\n<h3 class=\"wp-block-heading\"><b>LA BLESSURE ET LE SILENCE<\/b><\/h3>\n\n\n\n<p>Elle s\u2019appelait Christine, \u00e9ternel b\u00e9b\u00e9 sur la photo dans le petit cadre dor\u00e9. C\u2019\u00e9tait sa petite s\u0153ur. Dans la pri\u00e8re du soir, ses parents mentionnaient aussi un petit fr\u00e8re, Philippe, dont on ne savait rien. Le petit gar\u00e7on sent bien qu\u2019on lui cache des choses, mais il n\u2019ose pas poser les questions qui \u00e9treignent sa poitrine. Il est laiss\u00e9 seul avec ses interrogations, avec ses \u00e9motions, avec ce vide\u2026 Il aurait eu tant besoin de pouvoir parler en famille de cette petite s\u0153ur, de ce petit fr\u00e8re qu\u2019il n\u2019a jamais connus, de parcourir les \u00e9tapes de la douleur \u00e0 l\u2019acceptation. Le silence a emp\u00each\u00e9 tout travail de deuil. Comment donner du sens \u00e0 la mort quand elle n\u2019est pas parl\u00e9e&nbsp;? Surtout quand on est un tout petit gar\u00e7on et qu\u2019on voit comment cette mort atteint et bouleverse maman\u2026 Et puis, si personne n\u2019en parle\u2026 ne serait-ce pas que ce secret cache pire encore que tout ce qu\u2019il peut imaginer&nbsp;?&nbsp;Plusieurs fois, il a tent\u00e9 d\u2019alerter, de crier sa d\u00e9tresse, de hurler au secours\u2026 en silence\u2026 comme font les enfants, en montrant ses questions par ses actes, comme le jour o\u00f9 il a mis d\u00e9licatement le feu \u00e0 la cr\u00e8che. En attendant no\u00ebl, ce berceau de paille vide et cette petite bo\u00eete sur le c\u00f4t\u00e9, o\u00f9 le santon reposait, figuraient trop le b\u00e9b\u00e9 mort&nbsp;qui le hantaient\u2026 Les santons seront rachet\u00e9s, en silence. Personne ne parle, personne ne l\u2019\u00e9coute. Et cette petite s\u0153ur continue de le regarder depuis son cadre dor\u00e9. Une immense tristesse s\u2019installe en lui, qu\u2019il tente de dissimuler. Il essaye de faire bonne figure\u2026 mais comment rire et jouer&nbsp;alors que le b\u00e9b\u00e9 est sous terre ? Il se sent \u00e0 des milliers de kilom\u00e8tres des autres enfants. Personne h\u00e9las ne s\u2019inqui\u00e8te de le voir toujours seul, isol\u00e9. Personne ne cherche \u00e0 savoir pourquoi il n\u2019a pas go\u00fbt \u00e0 jouer. Personne ne se pr\u00e9occupe de comprendre pourquoi il se cache sous le bureau de l\u2019enseignant. Il est chang\u00e9 d\u2019\u00e9cole plusieurs fois\u2026 sans qu\u2019aucun adulte ne s\u2019asseye pr\u00e8s de lui, ne prenne le temps de chercher la blessure dans son c\u0153ur. Un jour, un prof \u00e9crit sur son bulletin \u00ab&nbsp;\u00e9l\u00e8ve fant\u00f4me, ne suit pas&nbsp;\u00bb. Comment s\u2019est-il content\u00e9 de ce jugement sans se pencher alors vers le jeune gar\u00e7on&nbsp;pour l\u2019interroger sur ces fant\u00f4mes qui l\u2019habitaient&nbsp;? Comment les parents qui savaient les fant\u00f4mes n\u2019ont pas r\u00e9agi&nbsp;? P\u00e8re, m\u00e8re, oncle\u2026 toute la famille \u00e9tait rest\u00e9e sid\u00e9r\u00e9e par des deux d\u00e9c\u00e8s coup sur coup, aucune aide professionnelle ne leur a \u00e9t\u00e9 propos\u00e9e. De nos jours, des psys accompagnent les familles lors des d\u00e9c\u00e8s de nouveau-n\u00e9s, de b\u00e9b\u00e9s, d\u2019enfants, mais ce livre pointe combien ce pourrait \u00eatre encore insuffisant tant le s\u00e9isme peut \u00eatre d\u00e9vastateur. \u00c0 l\u2019\u00e9poque, la douleur des parents est reconnue, m\u00eame si peu accompagn\u00e9e, mais celle du grand fr\u00e8re reste ignor\u00e9e.<\/p>\n\n\n\n<p>Le gar\u00e7on prend des risques, se lance des d\u00e9fis \u00e0 patins \u00e0 roulettes, \u00e0 v\u00e9lo, dans l\u2019eau glac\u00e9e, il excelle dans les sports de combat\u2026 il est heureux quand il vit dans son corps. Mais l\u00e0 encore, personne ne se pose de question sur les d\u00e9fis physiques qu\u2019il se lance et son besoin d\u2019\u00e9teindre ses \u00e9motions en mobilisant son corps, en l\u2019\u00e9tourdissant de sensations plus fortes que la douleur sous-jacente. \u00c0 cela s\u2019ajoute un autre gouffre&nbsp;: l\u2019incompr\u00e9hension face \u00e0 l\u2019apparente indiff\u00e9rence d\u2019autrui.<\/p>\n\n\n\n<p>L\u2019enfant bless\u00e9 grandit en cachant sa blessure. Il \u00e9tudie, il fait du karat\u00e9, il \u00e9crit un livre, il d\u00e9veloppe une patient\u00e8le\u2026 il est actif et engag\u00e9, mais au fond de lui, il passe son temps \u00e0 attendre. Il est dans son r\u00f4le social, mais les \u00e9motions sont \u00e0 fleur de peau et plusieurs fois, au d\u00e9tour d\u2019un \u00e9v\u00e9nement, d\u2019une parole maladroite, d\u2019une image, d\u2019une association, voire d\u2019un simple ciel bleu, la douleur et la fureur surgissent avec intensit\u00e9. Et ce sont autant de violences suppl\u00e9mentaires qui lui sont faites.<\/p>\n\n\n\n<p>Christine occupe ses pens\u00e9es, ses r\u00eaves, s\u2019insinue partout parce qu\u2019il ne peut pas boucler la boucle ouverte par les questions rest\u00e9es sans r\u00e9ponse. Jusqu\u2019\u00e0 son quotidien est v\u00e9cu \u00e0 travers ce prisme de l\u2019absence, de la b\u00e9ance laiss\u00e9e par le d\u00e9faut de mots pos\u00e9s.<\/p>\n\n\n\n<h3 class=\"wp-block-heading\"><b>NON DIT, NON \u00c9COUT<\/b>\u00c9<\/h3>\n\n\n\n<p>Fran\u00e7ois-Xavier Perthuis, que j\u2019ai eu la chance de rencontrer et dont j\u2019appr\u00e9cie la vive intelligence et les qualit\u00e9s de c\u0153ur, nous livre ici un texte poignant bien que pudique. Nul exc\u00e8s, nul appel facile \u00e0 la larme, il r\u00e9v\u00e8le un grand talent d\u2019\u00e9criture. Ligne apr\u00e8s ligne, on vit dans la t\u00eate de ce petit gar\u00e7on \u00e0 la vive intelligence qui pourtant ne comprend pas le monde. Nous le suivons dans son d\u00e9sarroi, dans les surprises que lui r\u00e9serve la na\u00efvet\u00e9 de son c\u0153ur. On est avec lui quand ses oreilles tintent en entendant sa m\u00e8re accueillir deux \u00ab&nbsp;s\u0153urs&nbsp;\u00bb. D\u00e9ception, ce ne sont que des religieuses, elles ne vont pas le sortir de sa solitude, de son manque de s\u0153ur. On est avec lui, dans son c\u0153ur s\u2019\u00e9merveillant d\u2019un vol de libellule mais effar\u00e9 par l\u2019abysse de l\u2019absence. On est \u00e0 ses c\u00f4t\u00e9s dans sa d\u00e9tresse devant les larmes de maman, dans son \u00e9lan de prendre en charge sa douleur, mais aussi dans son app\u00e9tit de vie, sa curiosit\u00e9 naturelle, son authenticit\u00e9. Les mots sont tout en pudeur, mais la puissance \u00e9vocatrice est l\u00e0.<\/p>\n\n\n\n<p>Tout y est dans ce petit ouvrage sur l\u2019impact des non-dits et de la non-\u00e9coute&nbsp;: l\u2019immense d\u00e9tresse de l\u2019enfant quand le silence seul r\u00e9pond aux appels&nbsp;; comment le psychisme se d\u00e9bat avec l\u2019incompr\u00e9hensible&nbsp;; combien ce qui est cach\u00e9 ne dispara\u00eet pas, bien au contraire, mais prend toute la place ; comment le pass\u00e9 se trouve projet\u00e9 sur le pr\u00e9sent et le colore&nbsp;; comment une question qui reste sans r\u00e9ponse en cherche partout&nbsp;; comment une blessure modifie la perception&nbsp;; comment s\u2019installent les d\u00e9cisions du sc\u00e9nario de vie&nbsp;: Ne pas pleurer, prendre en charge les autres, ne rien demander, jamais\u2026&nbsp;; l\u2019infinie tristesse tout au long de l\u2019existence&nbsp;; le besoin de donner le change&nbsp;; comment le trauma est r\u00e9activ\u00e9 quand un amour le quitte sans un mot, puis au d\u00e9c\u00e8s de son p\u00e8re, de sa m\u00e8re\u2026&nbsp;; la dimension psychosomatique n\u2019est pas oubli\u00e9e, la maladie frappe, il sait qu\u2019elle se d\u00e9veloppe sur ce terrain rendu propice.<\/p>\n\n\n\n<p>Faire un deuil, c\u2019est parcourir les \u00e9tapes \u00e9motionnelles, partager le choc, les pleurs, la col\u00e8re, la tristesse, le d\u00e9sarroi\u2026 et mettre des mots pour donner du sens et pouvoir raconter l\u2019histoire.<\/p>\n\n\n\n<p>L\u2019auteur nous relate son parcours pour comprendre l\u2019histoire de Christine, celle de Philippe, la sienne. Son aspiration \u00e0 donner du sens le m\u00e8ne \u00e0 \u00e9tudier le deuil, \u00e0 ouvrir son c\u0153ur pour \u00e9couter enfin l\u2019enfant en lui et faire place aux \u00e9motions.<\/p>\n<div class=\"pdfprnt-buttons pdfprnt-buttons-parution pdfprnt-bottom-right\"><a href=\"http:\/\/cp.1642.studio\/gj118060-ovh\/wp-json\/wp\/v2\/parution\/21732?print=pdf\" class=\"pdfprnt-button pdfprnt-button-pdf\" target=\"_blank\"><\/a><\/div>","protected":false},"featured_media":21739,"template":"","rubrique":[],"thematique":[2504],"auteur":[2517],"mode":[60],"revue":[2525],"auteur_livre":[],"class_list":["post-21732","parution","type-parution","status-publish","has-post-thumbnail","hentry","thematique-soin","auteur-isabelle-filliozat","mode-payant","revue-2525"],"acf":[],"_links":{"self":[{"href":"http:\/\/cp.1642.studio\/gj118060-ovh\/wp-json\/wp\/v2\/parution\/21732","targetHints":{"allow":["GET"]}}],"collection":[{"href":"http:\/\/cp.1642.studio\/gj118060-ovh\/wp-json\/wp\/v2\/parution"}],"about":[{"href":"http:\/\/cp.1642.studio\/gj118060-ovh\/wp-json\/wp\/v2\/types\/parution"}],"wp:featuredmedia":[{"embeddable":true,"href":"http:\/\/cp.1642.studio\/gj118060-ovh\/wp-json\/wp\/v2\/media\/21739"}],"wp:attachment":[{"href":"http:\/\/cp.1642.studio\/gj118060-ovh\/wp-json\/wp\/v2\/media?parent=21732"}],"wp:term":[{"taxonomy":"rubrique","embeddable":true,"href":"http:\/\/cp.1642.studio\/gj118060-ovh\/wp-json\/wp\/v2\/rubrique?post=21732"},{"taxonomy":"thematique","embeddable":true,"href":"http:\/\/cp.1642.studio\/gj118060-ovh\/wp-json\/wp\/v2\/thematique?post=21732"},{"taxonomy":"auteur","embeddable":true,"href":"http:\/\/cp.1642.studio\/gj118060-ovh\/wp-json\/wp\/v2\/auteur?post=21732"},{"taxonomy":"mode","embeddable":true,"href":"http:\/\/cp.1642.studio\/gj118060-ovh\/wp-json\/wp\/v2\/mode?post=21732"},{"taxonomy":"revue","embeddable":true,"href":"http:\/\/cp.1642.studio\/gj118060-ovh\/wp-json\/wp\/v2\/revue?post=21732"},{"taxonomy":"auteur_livre","embeddable":true,"href":"http:\/\/cp.1642.studio\/gj118060-ovh\/wp-json\/wp\/v2\/auteur_livre?post=21732"}],"curies":[{"name":"wp","href":"https:\/\/api.w.org\/{rel}","templated":true}]}}